{"id":1878,"date":"2023-11-30T18:02:23","date_gmt":"2023-11-30T16:02:23","guid":{"rendered":"https:\/\/blackmusicfestival.com\/the-gramophone-allstars-big-band-2\/"},"modified":"2024-03-04T11:00:04","modified_gmt":"2024-03-04T09:00:04","slug":"the-gramophone-allstars-big-band-2","status":"publish","type":"tribe_events","link":"https:\/\/blackmusicfestival.com\/en\/the-gramophone-allstars-big-band-2\/","title":{"rendered":"The Gramophone Allstars Big Band"},"content":{"rendered":"<p>[et_pb_section fb_built=&#8221;1&#8243; admin_label=&#8221;section&#8221; _builder_version=&#8221;4.16&#8243; custom_padding=&#8221;0px||0px|||&#8221; global_colors_info=&#8221;{}&#8221;][et_pb_row admin_label=&#8221;row&#8221; _builder_version=&#8221;4.23.4&#8243; background_size=&#8221;initial&#8221; background_position=&#8221;top_left&#8221; background_repeat=&#8221;repeat&#8221; width=&#8221;100%&#8221; custom_padding=&#8221;0px||0px|||&#8221; global_colors_info=&#8221;{}&#8221;][et_pb_column type=&#8221;4_4&#8243; _builder_version=&#8221;4.16&#8243; custom_padding=&#8221;|||&#8221; global_colors_info=&#8221;{}&#8221; custom_padding__hover=&#8221;|||&#8221;][et_pb_text admin_label=&#8221;Text&#8221; _builder_version=&#8221;4.23.4&#8243; background_size=&#8221;initial&#8221; background_position=&#8221;top_left&#8221; background_repeat=&#8221;repeat&#8221; global_colors_info=&#8221;{}&#8221;]<\/p>\n<p><iframe loading=\"lazy\" title=\"YouTube video player\" src=\"https:\/\/www.youtube.com\/embed\/-b0GBEW9-uc?si=9pko8SMqtQjjVce2\" width=\"100%\" height=\"600\" frameborder=\"0\" allowfullscreen=\"allowfullscreen\"><span data-mce-type=\"bookmark\" style=\"display: inline-block; width: 0px; overflow: hidden; line-height: 0;\" class=\"mce_SELRES_start\"><\/span><\/iframe><\/p>\n<p>The Gramophone Allstars Big Band is a music group that fuses Jamaican music from the sixties (ska, rocksteady and reggae) with different styles of black music such as soul or jazz among many others. With Barcelona as its nerve center, and under the baton of Bisbalen saxophonist Gen\u00eds Bou, the group has released six albums and performed at the main festivals, venues and parties in the country, becoming one of the most consolidated musical projects in the &#8216;current black music scene.<\/p>\n<p>Born in the spring of 2008, The Gramophone Allstars transformed into a big band with the acclaimed &#8220;Jazzmaica&#8221; (2014) which was even published in Japan. With the following album &#8220;Maraca Soul&#8221; (2017) they opened the rhythmic range to other Caribbean sounds such as boogaloo or calypso.<\/p>\n<p>They have subsequently published three short albums: &#8220;The Reel Influence&#8221;, the single &#8220;Let&#8217;s Get It On&#8221; (version Marvin Gaye) and the EP &#8220;Love Letter&#8221; (2021). With 150 concerts behind them in big band format, in 2023 they return with the long-awaited &#8220;Call Your Friends&#8221;.<\/p>\n<p>&#8211; &#8211; &#8211; &#8211; &#8211; &#8211; &#8211; &#8211; &#8211;<\/p>\n<p><iframe loading=\"lazy\" title=\"YouTube video player\" src=\"https:\/\/www.youtube.com\/embed\/kdjcZwPzScM?si=xSZPpQ7wHx8AnDqx\" width=\"100%\" height=\"600\" frameborder=\"0\" allowfullscreen=\"allowfullscreen\"><span data-mce-type=\"bookmark\" style=\"display: inline-block; width: 0px; overflow: hidden; line-height: 0;\" class=\"mce_SELRES_start\"><\/span><\/iframe><\/p>\n<p>It is no exaggeration to say that New Orleans is the birthplace of much of the music we hear today. The Growing City is the pot where cultures, rhythms and stories have been cooked and mixed, resulting in musical pillars such as blues, jazz, r&amp;b or funk.<\/p>\n<p>The Big Easy&#8217;s Crew is a collective of experienced musicians based in Barcelona, \u200b\u200bwho are united by a passion for roots music and who recreate, in a show full of dynamism and energy, a journey through the great variety of styles that have their origin in New Orleans; from the primitive jazz of Louis Armstrong, passing through the classic funk of The Meters to the more contemporary sounds of bands like Galactic.<\/p>\n<p>Put on your best galas and dancing shoes and get ready to stroll through the sonic universe of NOLA with The Big Easy&#8217;s Crew.<\/p>\n<p>[\/et_pb_text][\/et_pb_column][\/et_pb_row][\/et_pb_section]<\/p>\n","protected":false},"excerpt":{"rendered":"<p>+ The Big Easy\u2019s Crew<\/p>\n","protected":false},"author":3,"featured_media":904,"template":"","meta":{"_et_pb_use_builder":"on","_et_pb_old_content":"<iframe title=\"YouTube video player\" src=\"https:\/\/www.youtube.com\/embed\/-b0GBEW9-uc?si=9pko8SMqtQjjVce2\" width=\"100%\" height=\"600\" frameborder=\"0\" allowfullscreen=\"allowfullscreen\"><span data-mce-type=\"bookmark\" style=\"display: inline-block; width: 0px; overflow: hidden; line-height: 0;\" class=\"mce_SELRES_start\">\ufeff<\/span><\/iframe>\r\n\r\nThe Gramophone Allstars Big Band\u00a0\u00e9s un grup de m\u00fasica que fusiona la m\u00fasica jamaicana dels anys seixanta (ska, rocksteady i reggae) amb diferents estils de m\u00fasica negra com el soul o el jazz entre molts d\u2019altres. Amb Barcelona com a centre neur\u00e0lgic, i sota la batuta del saxofonista bisbalenc\u00a0Gen\u00eds Bou, el grup ha publicat sis \u00e0lbums i ha actuat pels principals festivals, sales i festes del pa\u00eds, fins a convertir-se en un del projectes musicals m\u00e9s consolidats de l\u2019actual escena de m\u00fasica negra.\r\n\r\nNascuts la primavera del 2008, The Gramophone Allstars van mutar en big band amb l\u2019aclamat \u201cJazzmaica\u201d (2014) que fins i tot es va publicar al Jap\u00f3. Amb el seg\u00fcent disc \u201cMaraca Soul\u201d (2017) van obrir el ventall r\u00edtmic a altres sonoritats caribenyes com el boogaloo o el calipso.\r\n\r\nPosteriorment han publicat tres discos de curta durada: \u201cThe Reel Influence\u201d, el single \u201cLet\u2019s Get It On\u201d (versionant Marvin Gaye) i l\u2019EP \u201cLove Letter\u201d (2021). Amb 150 concerts a l\u2019esquena en format big band, el 2023 retornen amb l\u2019esperat \u201cCall Your Friends\u201d.\r\n\r\n- - - - - - - - -\r\n\r\n<iframe title=\"YouTube video player\" src=\"https:\/\/www.youtube.com\/embed\/kdjcZwPzScM?si=xSZPpQ7wHx8AnDqx\" width=\"100%\" height=\"600\" frameborder=\"0\" allowfullscreen=\"allowfullscreen\"><span data-mce-type=\"bookmark\" style=\"display: inline-block; width: 0px; overflow: hidden; line-height: 0;\" class=\"mce_SELRES_start\">\ufeff<\/span><\/iframe>\r\n\r\nDir que New Orleans \u00e9s el bressol de gran part de la m\u00fasica que avui escoltem, no \u00e9s exagerat. La Ciutat Creixent \u00e9s l'olla on s'han cuinat i barrejat cultures, ritmes i hist\u00f2ries que han donat com a resultat pilars musicals com ara el blues, el jazz, el r&b o el funk.\r\n\r\nThe Big Easy' Crew \u00e9s un col\u00b7lectiu d'experimentats m\u00fasics amb base a Barcelona, a qui uneix la passi\u00f3 per la m\u00fasica d'arrel i que recreen, en un xou ple de dinamisme i energia, un viatge per la gran varietat d'estils que tenen el seu origen a New Orleans; des del jazz primigeni de Louis Armstrong, passant pel funk cl\u00e0ssic de The Meters als sons m\u00e9s contemporanis de bandes com Galactic.\r\n\r\nPosa't les millors gales i les sabates de ball i disposa't a passejar per l'univers sonor de NOLA de la m\u00e0 de The Big Easy\u2019 Crew.","_et_gb_content_width":"","_tribe_events_status":"","_tribe_events_status_reason":"","footnotes":""},"tags":[],"tribe_events_cat":[75],"class_list":["post-1878","tribe_events","type-tribe_events","status-publish","has-post-thumbnail","hentry","tribe_events_cat-the-gramophone-allstars-big-band-en","cat_the-gramophone-allstars-big-band-en"],"yoast_head":"<!-- This site is optimized with the Yoast SEO plugin v26.3 - https:\/\/yoast.com\/wordpress\/plugins\/seo\/ -->\n<title>The Gramophone Allstars Big Band - Black Music Festival<\/title>\n<meta name=\"robots\" content=\"index, follow, max-snippet:-1, max-image-preview:large, max-video-preview:-1\" \/>\n<link rel=\"canonical\" href=\"https:\/\/blackmusicfestival.com\/the-gramophone-allstars-big-band\/\" \/>\n<meta property=\"og:locale\" content=\"en_GB\" \/>\n<meta property=\"og:type\" content=\"article\" \/>\n<meta property=\"og:title\" content=\"The Gramophone Allstars Big Band - Black Music Festival\" \/>\n<meta property=\"og:description\" content=\"+ The Big Easy\u2019s Crew\" \/>\n<meta property=\"og:url\" content=\"https:\/\/blackmusicfestival.com\/the-gramophone-allstars-big-band\/\" \/>\n<meta property=\"og:site_name\" content=\"Black Music Festival\" \/>\n<meta property=\"article:modified_time\" content=\"2024-03-04T09:00:04+00:00\" \/>\n<meta property=\"og:image\" content=\"https:\/\/blackmusicfestival.com\/wp-content\/uploads\/2023\/11\/TheGramophoneAllStars_2023_foto_Jep_Jorba_DSC01389_R_V2-scaled-1.jpg\" \/>\n\t<meta property=\"og:image:width\" content=\"2560\" \/>\n\t<meta property=\"og:image:height\" content=\"1474\" \/>\n\t<meta property=\"og:image:type\" content=\"image\/jpeg\" \/>\n<meta name=\"twitter:card\" content=\"summary_large_image\" \/>\n<meta name=\"twitter:label1\" content=\"Estimated reading time\" \/>\n\t<meta name=\"twitter:data1\" content=\"2 minutes\" \/>\n<script type=\"application\/ld+json\" class=\"yoast-schema-graph\">{\"@context\":\"https:\/\/schema.org\",\"@graph\":[{\"@type\":\"WebPage\",\"@id\":\"https:\/\/blackmusicfestival.com\/the-gramophone-allstars-big-band\/\",\"url\":\"https:\/\/blackmusicfestival.com\/the-gramophone-allstars-big-band\/\",\"name\":\"The Gramophone Allstars Big Band - Black Music Festival\",\"isPartOf\":{\"@id\":\"https:\/\/blackmusicfestival.com\/#website\"},\"primaryImageOfPage\":{\"@id\":\"https:\/\/blackmusicfestival.com\/the-gramophone-allstars-big-band\/#primaryimage\"},\"image\":{\"@id\":\"https:\/\/blackmusicfestival.com\/the-gramophone-allstars-big-band\/#primaryimage\"},\"thumbnailUrl\":\"https:\/\/blackmusicfestival.com\/wp-content\/uploads\/2023\/11\/TheGramophoneAllStars_2023_foto_Jep_Jorba_DSC01389_R_V2-scaled-1.jpg\",\"datePublished\":\"2023-11-30T16:02:23+00:00\",\"dateModified\":\"2024-03-04T09:00:04+00:00\",\"breadcrumb\":{\"@id\":\"https:\/\/blackmusicfestival.com\/the-gramophone-allstars-big-band\/#breadcrumb\"},\"inLanguage\":\"en-GB\",\"potentialAction\":[{\"@type\":\"ReadAction\",\"target\":[\"https:\/\/blackmusicfestival.com\/the-gramophone-allstars-big-band\/\"]}]},{\"@type\":\"ImageObject\",\"inLanguage\":\"en-GB\",\"@id\":\"https:\/\/blackmusicfestival.com\/the-gramophone-allstars-big-band\/#primaryimage\",\"url\":\"https:\/\/blackmusicfestival.com\/wp-content\/uploads\/2023\/11\/TheGramophoneAllStars_2023_foto_Jep_Jorba_DSC01389_R_V2-scaled-1.jpg\",\"contentUrl\":\"https:\/\/blackmusicfestival.com\/wp-content\/uploads\/2023\/11\/TheGramophoneAllStars_2023_foto_Jep_Jorba_DSC01389_R_V2-scaled-1.jpg\",\"width\":2560,\"height\":1474},{\"@type\":\"BreadcrumbList\",\"@id\":\"https:\/\/blackmusicfestival.com\/the-gramophone-allstars-big-band\/#breadcrumb\",\"itemListElement\":[{\"@type\":\"ListItem\",\"position\":1,\"name\":\"Inici\",\"item\":\"https:\/\/blackmusicfestival.com\/\"},{\"@type\":\"ListItem\",\"position\":2,\"name\":\"Esdeveniments\",\"item\":\"https:\/\/blackmusicfestival.com\/events\/\"},{\"@type\":\"ListItem\",\"position\":3,\"name\":\"The Gramophone Allstars Big Band\"}]},{\"@type\":\"WebSite\",\"@id\":\"https:\/\/blackmusicfestival.com\/#website\",\"url\":\"https:\/\/blackmusicfestival.com\/\",\"name\":\"Black Music Festival\",\"description\":\"El Festival de M\u00fasica Negra de Catalunya\",\"potentialAction\":[{\"@type\":\"SearchAction\",\"target\":{\"@type\":\"EntryPoint\",\"urlTemplate\":\"https:\/\/blackmusicfestival.com\/?s={search_term_string}\"},\"query-input\":{\"@type\":\"PropertyValueSpecification\",\"valueRequired\":true,\"valueName\":\"search_term_string\"}}],\"inLanguage\":\"en-GB\"}]}<\/script>\n<!-- \/ Yoast SEO plugin. -->","yoast_head_json":{"title":"The Gramophone Allstars Big Band - Black Music Festival","robots":{"index":"index","follow":"follow","max-snippet":"max-snippet:-1","max-image-preview":"max-image-preview:large","max-video-preview":"max-video-preview:-1"},"canonical":"https:\/\/blackmusicfestival.com\/the-gramophone-allstars-big-band\/","og_locale":"en_GB","og_type":"article","og_title":"The Gramophone Allstars Big Band - Black Music Festival","og_description":"+ The Big Easy\u2019s Crew","og_url":"https:\/\/blackmusicfestival.com\/the-gramophone-allstars-big-band\/","og_site_name":"Black Music Festival","article_modified_time":"2024-03-04T09:00:04+00:00","og_image":[{"width":2560,"height":1474,"url":"https:\/\/blackmusicfestival.com\/wp-content\/uploads\/2023\/11\/TheGramophoneAllStars_2023_foto_Jep_Jorba_DSC01389_R_V2-scaled-1.jpg","type":"image\/jpeg"}],"twitter_card":"summary_large_image","twitter_misc":{"Estimated reading time":"2 minutes"},"schema":{"@context":"https:\/\/schema.org","@graph":[{"@type":"WebPage","@id":"https:\/\/blackmusicfestival.com\/the-gramophone-allstars-big-band\/","url":"https:\/\/blackmusicfestival.com\/the-gramophone-allstars-big-band\/","name":"The Gramophone Allstars Big Band - Black Music Festival","isPartOf":{"@id":"https:\/\/blackmusicfestival.com\/#website"},"primaryImageOfPage":{"@id":"https:\/\/blackmusicfestival.com\/the-gramophone-allstars-big-band\/#primaryimage"},"image":{"@id":"https:\/\/blackmusicfestival.com\/the-gramophone-allstars-big-band\/#primaryimage"},"thumbnailUrl":"https:\/\/blackmusicfestival.com\/wp-content\/uploads\/2023\/11\/TheGramophoneAllStars_2023_foto_Jep_Jorba_DSC01389_R_V2-scaled-1.jpg","datePublished":"2023-11-30T16:02:23+00:00","dateModified":"2024-03-04T09:00:04+00:00","breadcrumb":{"@id":"https:\/\/blackmusicfestival.com\/the-gramophone-allstars-big-band\/#breadcrumb"},"inLanguage":"en-GB","potentialAction":[{"@type":"ReadAction","target":["https:\/\/blackmusicfestival.com\/the-gramophone-allstars-big-band\/"]}]},{"@type":"ImageObject","inLanguage":"en-GB","@id":"https:\/\/blackmusicfestival.com\/the-gramophone-allstars-big-band\/#primaryimage","url":"https:\/\/blackmusicfestival.com\/wp-content\/uploads\/2023\/11\/TheGramophoneAllStars_2023_foto_Jep_Jorba_DSC01389_R_V2-scaled-1.jpg","contentUrl":"https:\/\/blackmusicfestival.com\/wp-content\/uploads\/2023\/11\/TheGramophoneAllStars_2023_foto_Jep_Jorba_DSC01389_R_V2-scaled-1.jpg","width":2560,"height":1474},{"@type":"BreadcrumbList","@id":"https:\/\/blackmusicfestival.com\/the-gramophone-allstars-big-band\/#breadcrumb","itemListElement":[{"@type":"ListItem","position":1,"name":"Inici","item":"https:\/\/blackmusicfestival.com\/"},{"@type":"ListItem","position":2,"name":"Esdeveniments","item":"https:\/\/blackmusicfestival.com\/events\/"},{"@type":"ListItem","position":3,"name":"The Gramophone Allstars Big Band"}]},{"@type":"WebSite","@id":"https:\/\/blackmusicfestival.com\/#website","url":"https:\/\/blackmusicfestival.com\/","name":"Black Music Festival","description":"El Festival de M\u00fasica Negra de Catalunya","potentialAction":[{"@type":"SearchAction","target":{"@type":"EntryPoint","urlTemplate":"https:\/\/blackmusicfestival.com\/?s={search_term_string}"},"query-input":{"@type":"PropertyValueSpecification","valueRequired":true,"valueName":"search_term_string"}}],"inLanguage":"en-GB"}]}},"_links":{"self":[{"href":"https:\/\/blackmusicfestival.com\/en\/wp-json\/wp\/v2\/tribe_events\/1878","targetHints":{"allow":["GET"]}}],"collection":[{"href":"https:\/\/blackmusicfestival.com\/en\/wp-json\/wp\/v2\/tribe_events"}],"about":[{"href":"https:\/\/blackmusicfestival.com\/en\/wp-json\/wp\/v2\/types\/tribe_events"}],"author":[{"embeddable":true,"href":"https:\/\/blackmusicfestival.com\/en\/wp-json\/wp\/v2\/users\/3"}],"version-history":[{"count":6,"href":"https:\/\/blackmusicfestival.com\/en\/wp-json\/wp\/v2\/tribe_events\/1878\/revisions"}],"predecessor-version":[{"id":1938,"href":"https:\/\/blackmusicfestival.com\/en\/wp-json\/wp\/v2\/tribe_events\/1878\/revisions\/1938"}],"wp:featuredmedia":[{"embeddable":true,"href":"https:\/\/blackmusicfestival.com\/en\/wp-json\/wp\/v2\/media\/904"}],"wp:attachment":[{"href":"https:\/\/blackmusicfestival.com\/en\/wp-json\/wp\/v2\/media?parent=1878"}],"wp:term":[{"taxonomy":"post_tag","embeddable":true,"href":"https:\/\/blackmusicfestival.com\/en\/wp-json\/wp\/v2\/tags?post=1878"},{"taxonomy":"tribe_events_cat","embeddable":true,"href":"https:\/\/blackmusicfestival.com\/en\/wp-json\/wp\/v2\/tribe_events_cat?post=1878"}],"curies":[{"name":"wp","href":"https:\/\/api.w.org\/{rel}","templated":true}]}}