{"id":2393,"date":"2025-01-22T10:30:10","date_gmt":"2025-01-22T08:30:10","guid":{"rendered":"https:\/\/blackmusicfestival.com\/lluis-figueras-the-demons\/"},"modified":"2025-01-22T10:30:10","modified_gmt":"2025-01-22T08:30:10","slug":"lluis-figueras-the-demons","status":"publish","type":"tribe_events","link":"https:\/\/blackmusicfestival.com\/en\/lluis-figueras-the-demons\/","title":{"rendered":"Llu\u00eds Figueras &#038; The Demons"},"content":{"rendered":"<p><iframe loading=\"lazy\" width=\"100%\" height=\"500\" src=\"https:\/\/www.youtube.com\/embed\/CCqCaqPvok0?si=OnT8TA2H1d1vzQH1\" title=\"YouTube video player\" frameborder=\"0\" allow=\"accelerometer; autoplay; clipboard-write; encrypted-media; gyroscope; picture-in-picture; web-share\" referrerpolicy=\"strict-origin-when-cross-origin\" allowfullscreen><\/iframe><\/p>\n<p>Llu\u00eds Figueras &#038; The Demons is pure energy: rock, blues and psychedelia fused together, always looking for the unpredictable. With Llu\u00eds Figueras on vocals and guitar, Bikentios Ch\u00e1vez on drums, Jordi Ruiz on bass and Miquel Brugu\u00e9s on keyboards, this Catalan band has been hitting the big stages with a vibrant live show full of character. This time presenting some of the songs from what will be their second album \u201cUnveil the Truth\u201d, which will be released at the end of February this year.<\/p>\n","protected":false},"excerpt":{"rendered":"<p>Llu\u00eds Figueras &#038; The Demons is pure energy: rock, blues and psychedelia fused together, always looking for the unpredictable. With Llu\u00eds Figueras on vocals and guitar, Bikentios Ch\u00e1vez on drums, [&hellip;]<\/p>\n","protected":false},"author":3,"featured_media":2322,"template":"","meta":{"_et_pb_use_builder":"","_et_pb_old_content":"","_et_gb_content_width":"","_tribe_events_status":"","_tribe_events_status_reason":"","footnotes":""},"tags":[],"tribe_events_cat":[],"class_list":["post-2393","tribe_events","type-tribe_events","status-publish","has-post-thumbnail","hentry"],"yoast_head":"<!-- This site is optimized with the Yoast SEO plugin v26.3 - https:\/\/yoast.com\/wordpress\/plugins\/seo\/ -->\n<title>Llu\u00eds Figueras &amp; The Demons - Black Music Festival<\/title>\n<meta name=\"robots\" content=\"index, follow, max-snippet:-1, max-image-preview:large, max-video-preview:-1\" \/>\n<link rel=\"canonical\" href=\"https:\/\/blackmusicfestival.com\/lluisfigueras\/\" \/>\n<meta property=\"og:locale\" content=\"en_GB\" \/>\n<meta property=\"og:type\" content=\"article\" \/>\n<meta property=\"og:title\" content=\"Llu\u00eds Figueras &amp; The Demons - Black Music Festival\" \/>\n<meta property=\"og:description\" content=\"Llu\u00eds Figueras &#038; The Demons is pure energy: rock, blues and psychedelia fused together, always looking for the unpredictable. With Llu\u00eds Figueras on vocals and guitar, Bikentios Ch\u00e1vez on drums, [&hellip;]\" \/>\n<meta property=\"og:url\" content=\"https:\/\/blackmusicfestival.com\/lluisfigueras\/\" \/>\n<meta property=\"og:site_name\" content=\"Black Music Festival\" \/>\n<meta property=\"og:image\" content=\"https:\/\/blackmusicfestival.com\/wp-content\/uploads\/2025\/01\/Lluis-Figueras-Demons__promo_0006-scaled.jpg\" \/>\n\t<meta property=\"og:image:width\" content=\"2560\" \/>\n\t<meta property=\"og:image:height\" content=\"1707\" \/>\n\t<meta property=\"og:image:type\" content=\"image\/jpeg\" \/>\n<meta name=\"twitter:card\" content=\"summary_large_image\" \/>\n<script type=\"application\/ld+json\" class=\"yoast-schema-graph\">{\"@context\":\"https:\/\/schema.org\",\"@graph\":[{\"@type\":\"WebPage\",\"@id\":\"https:\/\/blackmusicfestival.com\/lluisfigueras\/\",\"url\":\"https:\/\/blackmusicfestival.com\/lluisfigueras\/\",\"name\":\"Llu\u00eds Figueras & The Demons - Black Music Festival\",\"isPartOf\":{\"@id\":\"https:\/\/blackmusicfestival.com\/#website\"},\"primaryImageOfPage\":{\"@id\":\"https:\/\/blackmusicfestival.com\/lluisfigueras\/#primaryimage\"},\"image\":{\"@id\":\"https:\/\/blackmusicfestival.com\/lluisfigueras\/#primaryimage\"},\"thumbnailUrl\":\"https:\/\/blackmusicfestival.com\/wp-content\/uploads\/2025\/01\/Lluis-Figueras-Demons__promo_0006-scaled.jpg\",\"datePublished\":\"2025-01-22T08:30:10+00:00\",\"breadcrumb\":{\"@id\":\"https:\/\/blackmusicfestival.com\/lluisfigueras\/#breadcrumb\"},\"inLanguage\":\"en-GB\",\"potentialAction\":[{\"@type\":\"ReadAction\",\"target\":[\"https:\/\/blackmusicfestival.com\/lluisfigueras\/\"]}]},{\"@type\":\"ImageObject\",\"inLanguage\":\"en-GB\",\"@id\":\"https:\/\/blackmusicfestival.com\/lluisfigueras\/#primaryimage\",\"url\":\"https:\/\/blackmusicfestival.com\/wp-content\/uploads\/2025\/01\/Lluis-Figueras-Demons__promo_0006-scaled.jpg\",\"contentUrl\":\"https:\/\/blackmusicfestival.com\/wp-content\/uploads\/2025\/01\/Lluis-Figueras-Demons__promo_0006-scaled.jpg\",\"width\":2560,\"height\":1707},{\"@type\":\"BreadcrumbList\",\"@id\":\"https:\/\/blackmusicfestival.com\/lluisfigueras\/#breadcrumb\",\"itemListElement\":[{\"@type\":\"ListItem\",\"position\":1,\"name\":\"Inici\",\"item\":\"https:\/\/blackmusicfestival.com\/\"},{\"@type\":\"ListItem\",\"position\":2,\"name\":\"Esdeveniments\",\"item\":\"https:\/\/blackmusicfestival.com\/events\/\"},{\"@type\":\"ListItem\",\"position\":3,\"name\":\"Llu\u00eds Figueras &#038; The Demons\"}]},{\"@type\":\"WebSite\",\"@id\":\"https:\/\/blackmusicfestival.com\/#website\",\"url\":\"https:\/\/blackmusicfestival.com\/\",\"name\":\"Black Music Festival\",\"description\":\"El Festival de M\u00fasica Negra de Catalunya\",\"potentialAction\":[{\"@type\":\"SearchAction\",\"target\":{\"@type\":\"EntryPoint\",\"urlTemplate\":\"https:\/\/blackmusicfestival.com\/?s={search_term_string}\"},\"query-input\":{\"@type\":\"PropertyValueSpecification\",\"valueRequired\":true,\"valueName\":\"search_term_string\"}}],\"inLanguage\":\"en-GB\"}]}<\/script>\n<!-- \/ Yoast SEO plugin. -->","yoast_head_json":{"title":"Llu\u00eds Figueras & The Demons - Black Music Festival","robots":{"index":"index","follow":"follow","max-snippet":"max-snippet:-1","max-image-preview":"max-image-preview:large","max-video-preview":"max-video-preview:-1"},"canonical":"https:\/\/blackmusicfestival.com\/lluisfigueras\/","og_locale":"en_GB","og_type":"article","og_title":"Llu\u00eds Figueras & The Demons - Black Music Festival","og_description":"Llu\u00eds Figueras &#038; The Demons is pure energy: rock, blues and psychedelia fused together, always looking for the unpredictable. With Llu\u00eds Figueras on vocals and guitar, Bikentios Ch\u00e1vez on drums, [&hellip;]","og_url":"https:\/\/blackmusicfestival.com\/lluisfigueras\/","og_site_name":"Black Music Festival","og_image":[{"width":2560,"height":1707,"url":"https:\/\/blackmusicfestival.com\/wp-content\/uploads\/2025\/01\/Lluis-Figueras-Demons__promo_0006-scaled.jpg","type":"image\/jpeg"}],"twitter_card":"summary_large_image","schema":{"@context":"https:\/\/schema.org","@graph":[{"@type":"WebPage","@id":"https:\/\/blackmusicfestival.com\/lluisfigueras\/","url":"https:\/\/blackmusicfestival.com\/lluisfigueras\/","name":"Llu\u00eds Figueras & The Demons - Black Music Festival","isPartOf":{"@id":"https:\/\/blackmusicfestival.com\/#website"},"primaryImageOfPage":{"@id":"https:\/\/blackmusicfestival.com\/lluisfigueras\/#primaryimage"},"image":{"@id":"https:\/\/blackmusicfestival.com\/lluisfigueras\/#primaryimage"},"thumbnailUrl":"https:\/\/blackmusicfestival.com\/wp-content\/uploads\/2025\/01\/Lluis-Figueras-Demons__promo_0006-scaled.jpg","datePublished":"2025-01-22T08:30:10+00:00","breadcrumb":{"@id":"https:\/\/blackmusicfestival.com\/lluisfigueras\/#breadcrumb"},"inLanguage":"en-GB","potentialAction":[{"@type":"ReadAction","target":["https:\/\/blackmusicfestival.com\/lluisfigueras\/"]}]},{"@type":"ImageObject","inLanguage":"en-GB","@id":"https:\/\/blackmusicfestival.com\/lluisfigueras\/#primaryimage","url":"https:\/\/blackmusicfestival.com\/wp-content\/uploads\/2025\/01\/Lluis-Figueras-Demons__promo_0006-scaled.jpg","contentUrl":"https:\/\/blackmusicfestival.com\/wp-content\/uploads\/2025\/01\/Lluis-Figueras-Demons__promo_0006-scaled.jpg","width":2560,"height":1707},{"@type":"BreadcrumbList","@id":"https:\/\/blackmusicfestival.com\/lluisfigueras\/#breadcrumb","itemListElement":[{"@type":"ListItem","position":1,"name":"Inici","item":"https:\/\/blackmusicfestival.com\/"},{"@type":"ListItem","position":2,"name":"Esdeveniments","item":"https:\/\/blackmusicfestival.com\/events\/"},{"@type":"ListItem","position":3,"name":"Llu\u00eds Figueras &#038; The Demons"}]},{"@type":"WebSite","@id":"https:\/\/blackmusicfestival.com\/#website","url":"https:\/\/blackmusicfestival.com\/","name":"Black Music Festival","description":"El Festival de M\u00fasica Negra de Catalunya","potentialAction":[{"@type":"SearchAction","target":{"@type":"EntryPoint","urlTemplate":"https:\/\/blackmusicfestival.com\/?s={search_term_string}"},"query-input":{"@type":"PropertyValueSpecification","valueRequired":true,"valueName":"search_term_string"}}],"inLanguage":"en-GB"}]}},"_links":{"self":[{"href":"https:\/\/blackmusicfestival.com\/en\/wp-json\/wp\/v2\/tribe_events\/2393","targetHints":{"allow":["GET"]}}],"collection":[{"href":"https:\/\/blackmusicfestival.com\/en\/wp-json\/wp\/v2\/tribe_events"}],"about":[{"href":"https:\/\/blackmusicfestival.com\/en\/wp-json\/wp\/v2\/types\/tribe_events"}],"author":[{"embeddable":true,"href":"https:\/\/blackmusicfestival.com\/en\/wp-json\/wp\/v2\/users\/3"}],"version-history":[{"count":0,"href":"https:\/\/blackmusicfestival.com\/en\/wp-json\/wp\/v2\/tribe_events\/2393\/revisions"}],"wp:featuredmedia":[{"embeddable":true,"href":"https:\/\/blackmusicfestival.com\/en\/wp-json\/wp\/v2\/media\/2322"}],"wp:attachment":[{"href":"https:\/\/blackmusicfestival.com\/en\/wp-json\/wp\/v2\/media?parent=2393"}],"wp:term":[{"taxonomy":"post_tag","embeddable":true,"href":"https:\/\/blackmusicfestival.com\/en\/wp-json\/wp\/v2\/tags?post=2393"},{"taxonomy":"tribe_events_cat","embeddable":true,"href":"https:\/\/blackmusicfestival.com\/en\/wp-json\/wp\/v2\/tribe_events_cat?post=2393"}],"curies":[{"name":"wp","href":"https:\/\/api.w.org\/{rel}","templated":true}]}}