{"id":1897,"date":"2023-11-30T18:02:23","date_gmt":"2023-11-30T16:02:23","guid":{"rendered":"https:\/\/blackmusicfestival.com\/the-gramophone-allstars-big-band-2\/"},"modified":"2024-03-04T11:00:04","modified_gmt":"2024-03-04T09:00:04","slug":"the-gramophone-allstars-big-band-2","status":"publish","type":"tribe_events","link":"https:\/\/blackmusicfestival.com\/es\/the-gramophone-allstars-big-band-2\/","title":{"rendered":"The Gramophone Allstars Big Band"},"content":{"rendered":"<p>[et_pb_section fb_built=\u00bb1&#8243; admin_label=\u00bbsection\u00bb _builder_version=\u00bb4.16&#8243; custom_padding=\u00bb0px||0px|||\u00bb global_colors_info=\u00bb{}\u00bb][et_pb_row admin_label=\u00bbrow\u00bb _builder_version=\u00bb4.23.4&#8243; background_size=\u00bbinitial\u00bb background_position=\u00bbtop_left\u00bb background_repeat=\u00bbrepeat\u00bb width=\u00bb100%\u00bb custom_padding=\u00bb0px||0px|||\u00bb global_colors_info=\u00bb{}\u00bb][et_pb_column type=\u00bb4_4&#8243; _builder_version=\u00bb4.16&#8243; custom_padding=\u00bb|||\u00bb global_colors_info=\u00bb{}\u00bb custom_padding__hover=\u00bb|||\u00bb][et_pb_text admin_label=\u00bbText\u00bb _builder_version=\u00bb4.23.4&#8243; background_size=\u00bbinitial\u00bb background_position=\u00bbtop_left\u00bb background_repeat=\u00bbrepeat\u00bb global_colors_info=\u00bb{}\u00bb]<\/p>\n<p><iframe loading=\"lazy\" title=\"YouTube video player\" src=\"https:\/\/www.youtube.com\/embed\/-b0GBEW9-uc?si=9pko8SMqtQjjVce2\" width=\"100%\" height=\"600\" frameborder=\"0\" allowfullscreen=\"allowfullscreen\"><span data-mce-type=\"bookmark\" style=\"display: inline-block; width: 0px; overflow: hidden; line-height: 0;\" class=\"mce_SELRES_start\"><\/span><\/iframe><\/p>\n<p>The Gramophone Allstars Big Band es un grupo de m\u00fasica que fusiona la m\u00fasica jamaicana de los a\u00f1os sesenta (ska, rocksteady y reggae) con diferentes estilos de m\u00fasica negra como el soul o el jazz entre otros muchos. Con Barcelona como centro neur\u00e1lgico, y bajo la batuta del saxofonista bisbalense Gen\u00eds Bou, el grupo ha publicado seis \u00e1lbumes y ha actuado por los principales festivales, salas y fiestas del pa\u00eds, hasta convertirse en uno de los proyectos musicales m\u00e1s consolidados del actual escena de m\u00fasica negra.<\/p>\n<p>Nacidos en la primavera de 2008, The Gramophone Allstars mutaron en big band con el aclamado \u201cJazzmaica\u201d (2014) que incluso se public\u00f3 en Jap\u00f3n. Con el siguiente disco \u201cMaraca Soul\u201d (2017) abrieron el abanico r\u00edtmico a otras sonoridades caribe\u00f1as como el boogaloo o el calipso.<\/p>\n<p>Posteriormente han publicado tres discos de corta duraci\u00f3n: The Reel Influence, el single Let&#8217;s Get It On (versionando Marvin Gaye) y el EP Love Letter (2021). Con 150 conciertos en la espalda en formato big band, en 2023 regresan con el esperado \u201cCall Your Friends\u201d.<\/p>\n<p>&#8211; &#8211; &#8211; &#8211; &#8211; &#8211; &#8211; &#8211; &#8211;<\/p>\n<p><iframe loading=\"lazy\" title=\"YouTube video player\" src=\"https:\/\/www.youtube.com\/embed\/kdjcZwPzScM?si=xSZPpQ7wHx8AnDqx\" width=\"100%\" height=\"600\" frameborder=\"0\" allowfullscreen=\"allowfullscreen\"><span data-mce-type=\"bookmark\" style=\"display: inline-block; width: 0px; overflow: hidden; line-height: 0;\" class=\"mce_SELRES_start\"><\/span><\/iframe><\/p>\n<p>Decir que New Orleans es la cuna de gran parte de la m\u00fasica que hoy escuchamos, no es exagerada. La Ciudad Creciente es la olla donde se han cocinado y mezclado culturas, ritmos e historias que han dado como resultado pilares musicales como el blues, el jazz, el r&amp;b o el funk.<\/p>\n<p>The Big Easy&#8217;s Crew es un colectivo de experimentados m\u00fasicos con base en Barcelona, \u200b\u200bal que une la pasi\u00f3n por la m\u00fasica de ra\u00edz y que recrean, en un show lleno de dinamismo y energ\u00eda, un viaje por la gran variedad de estilos que tienen su origen en New Orleans; desde el jazz primigenio de Louis Armstrong, pasando por el funk cl\u00e1sico de The Meters a los sonidos m\u00e1s contempor\u00e1neos de bandas como Galactic.<\/p>\n<p>Ponte las mejores galas y los zapatos de baile y disponte a pasear por el universo sonoro de NOLA de la mano de The Big Easy&#8217;s Crew.<\/p>\n<p>[\/et_pb_text][\/et_pb_column][\/et_pb_row][\/et_pb_section]<\/p>\n","protected":false},"excerpt":{"rendered":"<p>+ The Big Easy\u2019s Crew<\/p>\n","protected":false},"author":3,"featured_media":905,"template":"","meta":{"_et_pb_use_builder":"on","_et_pb_old_content":"<iframe title=\"YouTube video player\" src=\"https:\/\/www.youtube.com\/embed\/-b0GBEW9-uc?si=9pko8SMqtQjjVce2\" width=\"100%\" height=\"600\" frameborder=\"0\" allowfullscreen=\"allowfullscreen\"><span data-mce-type=\"bookmark\" style=\"display: inline-block; width: 0px; overflow: hidden; line-height: 0;\" class=\"mce_SELRES_start\">\ufeff<\/span><\/iframe>\r\n\r\nThe Gramophone Allstars Big Band\u00a0\u00e9s un grup de m\u00fasica que fusiona la m\u00fasica jamaicana dels anys seixanta (ska, rocksteady i reggae) amb diferents estils de m\u00fasica negra com el soul o el jazz entre molts d\u2019altres. Amb Barcelona com a centre neur\u00e0lgic, i sota la batuta del saxofonista bisbalenc\u00a0Gen\u00eds Bou, el grup ha publicat sis \u00e0lbums i ha actuat pels principals festivals, sales i festes del pa\u00eds, fins a convertir-se en un del projectes musicals m\u00e9s consolidats de l\u2019actual escena de m\u00fasica negra.\r\n\r\nNascuts la primavera del 2008, The Gramophone Allstars van mutar en big band amb l\u2019aclamat \u201cJazzmaica\u201d (2014) que fins i tot es va publicar al Jap\u00f3. Amb el seg\u00fcent disc \u201cMaraca Soul\u201d (2017) van obrir el ventall r\u00edtmic a altres sonoritats caribenyes com el boogaloo o el calipso.\r\n\r\nPosteriorment han publicat tres discos de curta durada: \u201cThe Reel Influence\u201d, el single \u201cLet\u2019s Get It On\u201d (versionant Marvin Gaye) i l\u2019EP \u201cLove Letter\u201d (2021). Amb 150 concerts a l\u2019esquena en format big band, el 2023 retornen amb l\u2019esperat \u201cCall Your Friends\u201d.\r\n\r\n- - - - - - - - -\r\n\r\n<iframe title=\"YouTube video player\" src=\"https:\/\/www.youtube.com\/embed\/kdjcZwPzScM?si=xSZPpQ7wHx8AnDqx\" width=\"100%\" height=\"600\" frameborder=\"0\" allowfullscreen=\"allowfullscreen\"><span data-mce-type=\"bookmark\" style=\"display: inline-block; width: 0px; overflow: hidden; line-height: 0;\" class=\"mce_SELRES_start\">\ufeff<\/span><\/iframe>\r\n\r\nDir que New Orleans \u00e9s el bressol de gran part de la m\u00fasica que avui escoltem, no \u00e9s exagerat. La Ciutat Creixent \u00e9s l'olla on s'han cuinat i barrejat cultures, ritmes i hist\u00f2ries que han donat com a resultat pilars musicals com ara el blues, el jazz, el r&b o el funk.\r\n\r\nThe Big Easy' Crew \u00e9s un col\u00b7lectiu d'experimentats m\u00fasics amb base a Barcelona, a qui uneix la passi\u00f3 per la m\u00fasica d'arrel i que recreen, en un xou ple de dinamisme i energia, un viatge per la gran varietat d'estils que tenen el seu origen a New Orleans; des del jazz primigeni de Louis Armstrong, passant pel funk cl\u00e0ssic de The Meters als sons m\u00e9s contemporanis de bandes com Galactic.\r\n\r\nPosa't les millors gales i les sabates de ball i disposa't a passejar per l'univers sonor de NOLA de la m\u00e0 de The Big Easy\u2019 Crew.","_et_gb_content_width":"","_tribe_events_status":"","_tribe_events_status_reason":"","footnotes":""},"tags":[],"tribe_events_cat":[76],"class_list":["post-1897","tribe_events","type-tribe_events","status-publish","has-post-thumbnail","hentry","tribe_events_cat-the-gramophone-allstars-big-band-es","cat_the-gramophone-allstars-big-band-es"],"yoast_head":"<!-- This site is optimized with the Yoast SEO plugin v26.3 - https:\/\/yoast.com\/wordpress\/plugins\/seo\/ -->\n<title>The Gramophone Allstars Big Band - Black Music Festival<\/title>\n<meta name=\"robots\" content=\"index, follow, max-snippet:-1, max-image-preview:large, max-video-preview:-1\" \/>\n<link rel=\"canonical\" href=\"https:\/\/blackmusicfestival.com\/the-gramophone-allstars-big-band\/\" \/>\n<meta property=\"og:locale\" content=\"es_ES\" \/>\n<meta property=\"og:type\" content=\"article\" \/>\n<meta property=\"og:title\" content=\"The Gramophone Allstars Big Band - Black Music Festival\" \/>\n<meta property=\"og:description\" content=\"+ The Big Easy\u2019s Crew\" \/>\n<meta property=\"og:url\" content=\"https:\/\/blackmusicfestival.com\/the-gramophone-allstars-big-band\/\" \/>\n<meta property=\"og:site_name\" content=\"Black Music Festival\" \/>\n<meta property=\"article:modified_time\" content=\"2024-03-04T09:00:04+00:00\" \/>\n<meta property=\"og:image\" content=\"https:\/\/blackmusicfestival.com\/wp-content\/uploads\/2023\/11\/TheGramophoneAllStars_2023_foto_Jep_Jorba_DSC01389_R_V2-scaled-1.jpg\" \/>\n\t<meta property=\"og:image:width\" content=\"2560\" \/>\n\t<meta property=\"og:image:height\" content=\"1474\" \/>\n\t<meta property=\"og:image:type\" content=\"image\/jpeg\" \/>\n<meta name=\"twitter:card\" content=\"summary_large_image\" \/>\n<meta name=\"twitter:label1\" content=\"Tiempo de lectura\" \/>\n\t<meta name=\"twitter:data1\" content=\"2 minutos\" \/>\n<script type=\"application\/ld+json\" class=\"yoast-schema-graph\">{\"@context\":\"https:\/\/schema.org\",\"@graph\":[{\"@type\":\"WebPage\",\"@id\":\"https:\/\/blackmusicfestival.com\/the-gramophone-allstars-big-band\/\",\"url\":\"https:\/\/blackmusicfestival.com\/the-gramophone-allstars-big-band\/\",\"name\":\"The Gramophone Allstars Big Band - Black Music Festival\",\"isPartOf\":{\"@id\":\"https:\/\/blackmusicfestival.com\/#website\"},\"primaryImageOfPage\":{\"@id\":\"https:\/\/blackmusicfestival.com\/the-gramophone-allstars-big-band\/#primaryimage\"},\"image\":{\"@id\":\"https:\/\/blackmusicfestival.com\/the-gramophone-allstars-big-band\/#primaryimage\"},\"thumbnailUrl\":\"https:\/\/blackmusicfestival.com\/wp-content\/uploads\/2023\/11\/TheGramophoneAllStars_2023_foto_Jep_Jorba_DSC01389_R_V2-scaled-1.jpg\",\"datePublished\":\"2023-11-30T16:02:23+00:00\",\"dateModified\":\"2024-03-04T09:00:04+00:00\",\"breadcrumb\":{\"@id\":\"https:\/\/blackmusicfestival.com\/the-gramophone-allstars-big-band\/#breadcrumb\"},\"inLanguage\":\"es\",\"potentialAction\":[{\"@type\":\"ReadAction\",\"target\":[\"https:\/\/blackmusicfestival.com\/the-gramophone-allstars-big-band\/\"]}]},{\"@type\":\"ImageObject\",\"inLanguage\":\"es\",\"@id\":\"https:\/\/blackmusicfestival.com\/the-gramophone-allstars-big-band\/#primaryimage\",\"url\":\"https:\/\/blackmusicfestival.com\/wp-content\/uploads\/2023\/11\/TheGramophoneAllStars_2023_foto_Jep_Jorba_DSC01389_R_V2-scaled-1.jpg\",\"contentUrl\":\"https:\/\/blackmusicfestival.com\/wp-content\/uploads\/2023\/11\/TheGramophoneAllStars_2023_foto_Jep_Jorba_DSC01389_R_V2-scaled-1.jpg\",\"width\":2560,\"height\":1474},{\"@type\":\"BreadcrumbList\",\"@id\":\"https:\/\/blackmusicfestival.com\/the-gramophone-allstars-big-band\/#breadcrumb\",\"itemListElement\":[{\"@type\":\"ListItem\",\"position\":1,\"name\":\"Inici\",\"item\":\"https:\/\/blackmusicfestival.com\/\"},{\"@type\":\"ListItem\",\"position\":2,\"name\":\"Esdeveniments\",\"item\":\"https:\/\/blackmusicfestival.com\/events\/\"},{\"@type\":\"ListItem\",\"position\":3,\"name\":\"The Gramophone Allstars Big Band\"}]},{\"@type\":\"WebSite\",\"@id\":\"https:\/\/blackmusicfestival.com\/#website\",\"url\":\"https:\/\/blackmusicfestival.com\/\",\"name\":\"Black Music Festival\",\"description\":\"El Festival de M\u00fasica Negra de Catalunya\",\"potentialAction\":[{\"@type\":\"SearchAction\",\"target\":{\"@type\":\"EntryPoint\",\"urlTemplate\":\"https:\/\/blackmusicfestival.com\/?s={search_term_string}\"},\"query-input\":{\"@type\":\"PropertyValueSpecification\",\"valueRequired\":true,\"valueName\":\"search_term_string\"}}],\"inLanguage\":\"es\"}]}<\/script>\n<!-- \/ Yoast SEO plugin. -->","yoast_head_json":{"title":"The Gramophone Allstars Big Band - Black Music Festival","robots":{"index":"index","follow":"follow","max-snippet":"max-snippet:-1","max-image-preview":"max-image-preview:large","max-video-preview":"max-video-preview:-1"},"canonical":"https:\/\/blackmusicfestival.com\/the-gramophone-allstars-big-band\/","og_locale":"es_ES","og_type":"article","og_title":"The Gramophone Allstars Big Band - Black Music Festival","og_description":"+ The Big Easy\u2019s Crew","og_url":"https:\/\/blackmusicfestival.com\/the-gramophone-allstars-big-band\/","og_site_name":"Black Music Festival","article_modified_time":"2024-03-04T09:00:04+00:00","og_image":[{"width":2560,"height":1474,"url":"https:\/\/blackmusicfestival.com\/wp-content\/uploads\/2023\/11\/TheGramophoneAllStars_2023_foto_Jep_Jorba_DSC01389_R_V2-scaled-1.jpg","type":"image\/jpeg"}],"twitter_card":"summary_large_image","twitter_misc":{"Tiempo de lectura":"2 minutos"},"schema":{"@context":"https:\/\/schema.org","@graph":[{"@type":"WebPage","@id":"https:\/\/blackmusicfestival.com\/the-gramophone-allstars-big-band\/","url":"https:\/\/blackmusicfestival.com\/the-gramophone-allstars-big-band\/","name":"The Gramophone Allstars Big Band - Black Music Festival","isPartOf":{"@id":"https:\/\/blackmusicfestival.com\/#website"},"primaryImageOfPage":{"@id":"https:\/\/blackmusicfestival.com\/the-gramophone-allstars-big-band\/#primaryimage"},"image":{"@id":"https:\/\/blackmusicfestival.com\/the-gramophone-allstars-big-band\/#primaryimage"},"thumbnailUrl":"https:\/\/blackmusicfestival.com\/wp-content\/uploads\/2023\/11\/TheGramophoneAllStars_2023_foto_Jep_Jorba_DSC01389_R_V2-scaled-1.jpg","datePublished":"2023-11-30T16:02:23+00:00","dateModified":"2024-03-04T09:00:04+00:00","breadcrumb":{"@id":"https:\/\/blackmusicfestival.com\/the-gramophone-allstars-big-band\/#breadcrumb"},"inLanguage":"es","potentialAction":[{"@type":"ReadAction","target":["https:\/\/blackmusicfestival.com\/the-gramophone-allstars-big-band\/"]}]},{"@type":"ImageObject","inLanguage":"es","@id":"https:\/\/blackmusicfestival.com\/the-gramophone-allstars-big-band\/#primaryimage","url":"https:\/\/blackmusicfestival.com\/wp-content\/uploads\/2023\/11\/TheGramophoneAllStars_2023_foto_Jep_Jorba_DSC01389_R_V2-scaled-1.jpg","contentUrl":"https:\/\/blackmusicfestival.com\/wp-content\/uploads\/2023\/11\/TheGramophoneAllStars_2023_foto_Jep_Jorba_DSC01389_R_V2-scaled-1.jpg","width":2560,"height":1474},{"@type":"BreadcrumbList","@id":"https:\/\/blackmusicfestival.com\/the-gramophone-allstars-big-band\/#breadcrumb","itemListElement":[{"@type":"ListItem","position":1,"name":"Inici","item":"https:\/\/blackmusicfestival.com\/"},{"@type":"ListItem","position":2,"name":"Esdeveniments","item":"https:\/\/blackmusicfestival.com\/events\/"},{"@type":"ListItem","position":3,"name":"The Gramophone Allstars Big Band"}]},{"@type":"WebSite","@id":"https:\/\/blackmusicfestival.com\/#website","url":"https:\/\/blackmusicfestival.com\/","name":"Black Music Festival","description":"El Festival de M\u00fasica Negra de Catalunya","potentialAction":[{"@type":"SearchAction","target":{"@type":"EntryPoint","urlTemplate":"https:\/\/blackmusicfestival.com\/?s={search_term_string}"},"query-input":{"@type":"PropertyValueSpecification","valueRequired":true,"valueName":"search_term_string"}}],"inLanguage":"es"}]}},"_links":{"self":[{"href":"https:\/\/blackmusicfestival.com\/es\/wp-json\/wp\/v2\/tribe_events\/1897","targetHints":{"allow":["GET"]}}],"collection":[{"href":"https:\/\/blackmusicfestival.com\/es\/wp-json\/wp\/v2\/tribe_events"}],"about":[{"href":"https:\/\/blackmusicfestival.com\/es\/wp-json\/wp\/v2\/types\/tribe_events"}],"author":[{"embeddable":true,"href":"https:\/\/blackmusicfestival.com\/es\/wp-json\/wp\/v2\/users\/3"}],"version-history":[{"count":6,"href":"https:\/\/blackmusicfestival.com\/es\/wp-json\/wp\/v2\/tribe_events\/1897\/revisions"}],"predecessor-version":[{"id":1939,"href":"https:\/\/blackmusicfestival.com\/es\/wp-json\/wp\/v2\/tribe_events\/1897\/revisions\/1939"}],"wp:featuredmedia":[{"embeddable":true,"href":"https:\/\/blackmusicfestival.com\/es\/wp-json\/wp\/v2\/media\/905"}],"wp:attachment":[{"href":"https:\/\/blackmusicfestival.com\/es\/wp-json\/wp\/v2\/media?parent=1897"}],"wp:term":[{"taxonomy":"post_tag","embeddable":true,"href":"https:\/\/blackmusicfestival.com\/es\/wp-json\/wp\/v2\/tags?post=1897"},{"taxonomy":"tribe_events_cat","embeddable":true,"href":"https:\/\/blackmusicfestival.com\/es\/wp-json\/wp\/v2\/tribe_events_cat?post=1897"}],"curies":[{"name":"wp","href":"https:\/\/api.w.org\/{rel}","templated":true}]}}