{"id":2057,"date":"2024-11-11T12:58:56","date_gmt":"2024-11-11T10:58:56","guid":{"rendered":"https:\/\/blackmusicfestival.com\/marina-bbface-the-beatroots\/"},"modified":"2024-11-28T11:49:00","modified_gmt":"2024-11-28T09:49:00","slug":"marina-bbface-the-beatroots","status":"publish","type":"tribe_events","link":"https:\/\/blackmusicfestival.com\/es\/marina-bbface-the-beatroots\/","title":{"rendered":"Marina BBFace &#038; The Beatroots"},"content":{"rendered":"<p><iframe loading=\"lazy\" width=\"100%\" height=\"500\" src=\"https:\/\/www.youtube.com\/embed\/Ujrjp5dHr0o?si=UswDcmvYJwo66TAh\" title=\"YouTube video player\" frameborder=\"0\" allow=\"accelerometer; autoplay; clipboard-write; encrypted-media; gyroscope; picture-in-picture; web-share\" referrerpolicy=\"strict-origin-when-cross-origin\" allowfullscreen><\/iframe><\/p>\n<p>Un hurac\u00e1n Soul y Funk que no le dejar\u00e1 indiferente.<\/p>\n<p>De su \u00faltimo concierto la cr\u00edtica ha dicho: \u201cDios envi\u00f3 a su hijo Jesucristo a la tierra, y muri\u00f3. Luego envi\u00f3 a su hija Janis Joplin y muri\u00f3 tambi\u00e9n. Al final Dios que es mujer, baj\u00f3 directamente a la Tierra, y con unos ap\u00f3stoles se mostraron a todos como Marina BBface y sus Beatroots. Marina es quien nos salvar\u00e1 del tedio musical. Pur Soul, pura alma en cada una de sus canciones. \u00a1Fidelidad y gloria eterna!\u201d.<\/p>\n<p>Despu\u00e9s de un largo silencio y con una formaci\u00f3n en parte renovada, han vuelto m\u00e1s fuertes que nunca con su nuevo trabajo, Journey (Discmedi). Con un sonido muy maduro y esmerado, grabado en Feelback Studio y producido por Marc Tena, Journey es un viaje por el camino personal de la cantante donde plasma canci\u00f3n por canci\u00f3n una etapa: maternidad, separaci\u00f3n, nueva vida, superaci\u00f3n\u2026 Funk, soul, rock \u2026, cada canci\u00f3n es un universo sonoro por no dejar indiferente.<\/p>\n","protected":false},"excerpt":{"rendered":"<p>+ The Amy Winehouse Band<\/p>\n","protected":false},"author":3,"featured_media":2054,"template":"","meta":{"_et_pb_use_builder":"","_et_pb_old_content":"","_et_gb_content_width":"","_tribe_events_status":"","_tribe_events_status_reason":"","footnotes":""},"tags":[],"tribe_events_cat":[196],"class_list":["post-2057","tribe_events","type-tribe_events","status-publish","has-post-thumbnail","hentry","tribe_events_cat-marina-bbface-es","cat_marina-bbface-es"],"yoast_head":"<!-- This site is optimized with the Yoast SEO plugin v26.3 - https:\/\/yoast.com\/wordpress\/plugins\/seo\/ -->\n<title>Marina BBFace &amp; The Beatroots - Black Music Festival<\/title>\n<meta name=\"robots\" content=\"index, follow, max-snippet:-1, max-image-preview:large, max-video-preview:-1\" \/>\n<link rel=\"canonical\" href=\"https:\/\/blackmusicfestival.com\/marinabbface\/\" \/>\n<meta property=\"og:locale\" content=\"es_ES\" \/>\n<meta property=\"og:type\" content=\"article\" \/>\n<meta property=\"og:title\" content=\"Marina BBFace &amp; The Beatroots - Black Music Festival\" \/>\n<meta property=\"og:description\" content=\"+ The Amy Winehouse Band\" \/>\n<meta property=\"og:url\" content=\"https:\/\/blackmusicfestival.com\/marinabbface\/\" \/>\n<meta property=\"og:site_name\" content=\"Black Music Festival\" \/>\n<meta property=\"article:modified_time\" content=\"2024-11-28T09:49:00+00:00\" \/>\n<meta property=\"og:image\" content=\"https:\/\/blackmusicfestival.com\/wp-content\/uploads\/2024\/11\/Marina-BBface-The-Beatroots-foto-scaled.jpg\" \/>\n\t<meta property=\"og:image:width\" content=\"2560\" \/>\n\t<meta property=\"og:image:height\" content=\"1705\" \/>\n\t<meta property=\"og:image:type\" content=\"image\/jpeg\" \/>\n<meta name=\"twitter:card\" content=\"summary_large_image\" \/>\n<meta name=\"twitter:label1\" content=\"Tiempo de lectura\" \/>\n\t<meta name=\"twitter:data1\" content=\"1 minuto\" \/>\n<script type=\"application\/ld+json\" class=\"yoast-schema-graph\">{\"@context\":\"https:\/\/schema.org\",\"@graph\":[{\"@type\":\"WebPage\",\"@id\":\"https:\/\/blackmusicfestival.com\/marinabbface\/\",\"url\":\"https:\/\/blackmusicfestival.com\/marinabbface\/\",\"name\":\"Marina BBFace & The Beatroots - Black Music Festival\",\"isPartOf\":{\"@id\":\"https:\/\/blackmusicfestival.com\/#website\"},\"primaryImageOfPage\":{\"@id\":\"https:\/\/blackmusicfestival.com\/marinabbface\/#primaryimage\"},\"image\":{\"@id\":\"https:\/\/blackmusicfestival.com\/marinabbface\/#primaryimage\"},\"thumbnailUrl\":\"https:\/\/blackmusicfestival.com\/wp-content\/uploads\/2024\/11\/Marina-BBface-The-Beatroots-foto-scaled.jpg\",\"datePublished\":\"2024-11-11T10:58:56+00:00\",\"dateModified\":\"2024-11-28T09:49:00+00:00\",\"breadcrumb\":{\"@id\":\"https:\/\/blackmusicfestival.com\/marinabbface\/#breadcrumb\"},\"inLanguage\":\"es\",\"potentialAction\":[{\"@type\":\"ReadAction\",\"target\":[\"https:\/\/blackmusicfestival.com\/marinabbface\/\"]}]},{\"@type\":\"ImageObject\",\"inLanguage\":\"es\",\"@id\":\"https:\/\/blackmusicfestival.com\/marinabbface\/#primaryimage\",\"url\":\"https:\/\/blackmusicfestival.com\/wp-content\/uploads\/2024\/11\/Marina-BBface-The-Beatroots-foto-scaled.jpg\",\"contentUrl\":\"https:\/\/blackmusicfestival.com\/wp-content\/uploads\/2024\/11\/Marina-BBface-The-Beatroots-foto-scaled.jpg\",\"width\":2560,\"height\":1705},{\"@type\":\"BreadcrumbList\",\"@id\":\"https:\/\/blackmusicfestival.com\/marinabbface\/#breadcrumb\",\"itemListElement\":[{\"@type\":\"ListItem\",\"position\":1,\"name\":\"Inici\",\"item\":\"https:\/\/blackmusicfestival.com\/\"},{\"@type\":\"ListItem\",\"position\":2,\"name\":\"Esdeveniments\",\"item\":\"https:\/\/blackmusicfestival.com\/events\/\"},{\"@type\":\"ListItem\",\"position\":3,\"name\":\"Marina BBFace &#038; The Beatroots\"}]},{\"@type\":\"WebSite\",\"@id\":\"https:\/\/blackmusicfestival.com\/#website\",\"url\":\"https:\/\/blackmusicfestival.com\/\",\"name\":\"Black Music Festival\",\"description\":\"El Festival de M\u00fasica Negra de Catalunya\",\"potentialAction\":[{\"@type\":\"SearchAction\",\"target\":{\"@type\":\"EntryPoint\",\"urlTemplate\":\"https:\/\/blackmusicfestival.com\/?s={search_term_string}\"},\"query-input\":{\"@type\":\"PropertyValueSpecification\",\"valueRequired\":true,\"valueName\":\"search_term_string\"}}],\"inLanguage\":\"es\"}]}<\/script>\n<!-- \/ Yoast SEO plugin. -->","yoast_head_json":{"title":"Marina BBFace & The Beatroots - Black Music Festival","robots":{"index":"index","follow":"follow","max-snippet":"max-snippet:-1","max-image-preview":"max-image-preview:large","max-video-preview":"max-video-preview:-1"},"canonical":"https:\/\/blackmusicfestival.com\/marinabbface\/","og_locale":"es_ES","og_type":"article","og_title":"Marina BBFace & The Beatroots - Black Music Festival","og_description":"+ The Amy Winehouse Band","og_url":"https:\/\/blackmusicfestival.com\/marinabbface\/","og_site_name":"Black Music Festival","article_modified_time":"2024-11-28T09:49:00+00:00","og_image":[{"width":2560,"height":1705,"url":"https:\/\/blackmusicfestival.com\/wp-content\/uploads\/2024\/11\/Marina-BBface-The-Beatroots-foto-scaled.jpg","type":"image\/jpeg"}],"twitter_card":"summary_large_image","twitter_misc":{"Tiempo de lectura":"1 minuto"},"schema":{"@context":"https:\/\/schema.org","@graph":[{"@type":"WebPage","@id":"https:\/\/blackmusicfestival.com\/marinabbface\/","url":"https:\/\/blackmusicfestival.com\/marinabbface\/","name":"Marina BBFace & The Beatroots - Black Music Festival","isPartOf":{"@id":"https:\/\/blackmusicfestival.com\/#website"},"primaryImageOfPage":{"@id":"https:\/\/blackmusicfestival.com\/marinabbface\/#primaryimage"},"image":{"@id":"https:\/\/blackmusicfestival.com\/marinabbface\/#primaryimage"},"thumbnailUrl":"https:\/\/blackmusicfestival.com\/wp-content\/uploads\/2024\/11\/Marina-BBface-The-Beatroots-foto-scaled.jpg","datePublished":"2024-11-11T10:58:56+00:00","dateModified":"2024-11-28T09:49:00+00:00","breadcrumb":{"@id":"https:\/\/blackmusicfestival.com\/marinabbface\/#breadcrumb"},"inLanguage":"es","potentialAction":[{"@type":"ReadAction","target":["https:\/\/blackmusicfestival.com\/marinabbface\/"]}]},{"@type":"ImageObject","inLanguage":"es","@id":"https:\/\/blackmusicfestival.com\/marinabbface\/#primaryimage","url":"https:\/\/blackmusicfestival.com\/wp-content\/uploads\/2024\/11\/Marina-BBface-The-Beatroots-foto-scaled.jpg","contentUrl":"https:\/\/blackmusicfestival.com\/wp-content\/uploads\/2024\/11\/Marina-BBface-The-Beatroots-foto-scaled.jpg","width":2560,"height":1705},{"@type":"BreadcrumbList","@id":"https:\/\/blackmusicfestival.com\/marinabbface\/#breadcrumb","itemListElement":[{"@type":"ListItem","position":1,"name":"Inici","item":"https:\/\/blackmusicfestival.com\/"},{"@type":"ListItem","position":2,"name":"Esdeveniments","item":"https:\/\/blackmusicfestival.com\/events\/"},{"@type":"ListItem","position":3,"name":"Marina BBFace &#038; The Beatroots"}]},{"@type":"WebSite","@id":"https:\/\/blackmusicfestival.com\/#website","url":"https:\/\/blackmusicfestival.com\/","name":"Black Music Festival","description":"El Festival de M\u00fasica Negra de Catalunya","potentialAction":[{"@type":"SearchAction","target":{"@type":"EntryPoint","urlTemplate":"https:\/\/blackmusicfestival.com\/?s={search_term_string}"},"query-input":{"@type":"PropertyValueSpecification","valueRequired":true,"valueName":"search_term_string"}}],"inLanguage":"es"}]}},"_links":{"self":[{"href":"https:\/\/blackmusicfestival.com\/es\/wp-json\/wp\/v2\/tribe_events\/2057","targetHints":{"allow":["GET"]}}],"collection":[{"href":"https:\/\/blackmusicfestival.com\/es\/wp-json\/wp\/v2\/tribe_events"}],"about":[{"href":"https:\/\/blackmusicfestival.com\/es\/wp-json\/wp\/v2\/types\/tribe_events"}],"author":[{"embeddable":true,"href":"https:\/\/blackmusicfestival.com\/es\/wp-json\/wp\/v2\/users\/3"}],"version-history":[{"count":1,"href":"https:\/\/blackmusicfestival.com\/es\/wp-json\/wp\/v2\/tribe_events\/2057\/revisions"}],"predecessor-version":[{"id":2153,"href":"https:\/\/blackmusicfestival.com\/es\/wp-json\/wp\/v2\/tribe_events\/2057\/revisions\/2153"}],"wp:featuredmedia":[{"embeddable":true,"href":"https:\/\/blackmusicfestival.com\/es\/wp-json\/wp\/v2\/media\/2054"}],"wp:attachment":[{"href":"https:\/\/blackmusicfestival.com\/es\/wp-json\/wp\/v2\/media?parent=2057"}],"wp:term":[{"taxonomy":"post_tag","embeddable":true,"href":"https:\/\/blackmusicfestival.com\/es\/wp-json\/wp\/v2\/tags?post=2057"},{"taxonomy":"tribe_events_cat","embeddable":true,"href":"https:\/\/blackmusicfestival.com\/es\/wp-json\/wp\/v2\/tribe_events_cat?post=2057"}],"curies":[{"name":"wp","href":"https:\/\/api.w.org\/{rel}","templated":true}]}}